{"id":5746,"date":"2016-05-01T18:54:33","date_gmt":"2016-05-01T16:54:33","guid":{"rendered":"http:\/\/www.lamennais.org\/?page_id=5746&#038;lang=es"},"modified":"2019-01-31T10:52:56","modified_gmt":"2019-01-31T09:52:56","slug":"espana","status":"publish","type":"page","link":"https:\/\/www.lamennais.org\/es\/en-el-mundo\/europa\/espana\/","title":{"rendered":"Espa\u00f1a"},"content":{"rendered":"<p><strong><img fetchpriority=\"high\" decoding=\"async\" class=\"alignright size-full wp-image-1716\" src=\"http:\/\/www.lamennais.org\/wp-content\/uploads\/2016\/05\/espagne_resize.jpg\" alt=\"espagne_resize\" width=\"500\" height=\"494\" \/>Ciudades<\/strong>: Aguilar de Campoo &#8211; Bilbao &#8211; Madrid &#8211; Nanclares de la Oca &#8211; Portugalete &#8211; Reinosa &#8211; Santo Domingo De La Calzada \u2013 Valladolid &#8211; Zamora<\/p>\n<p><strong><span style=\"color: #3366ff;\">AGUILAR DE CAMPOO<\/span><br \/>\nHermanos\u00a0 Menesianos<br \/>\nColegio San Gregorio La Compassion <\/strong><br \/>\nP\u00ba. El Soto, 2<br \/>\n34800 AGUILAR DE CAMPOO (Palencia)<br \/>\nC:<a href=\"mailto:ivoarenas@hotmail.com\"> ivoarenas@hotmail.com<\/a><\/p>\n<p><strong><span style=\"color: #3366ff;\">BILBAO<\/span><br \/>\nHermanos\u00a0 Menesianos<\/strong><br \/>\nColegio Berrio-Otxoa<br \/>\nC\/Men\u00e9ndez y Pelayo, 25<br \/>\n48006 BILBAO (Vizcaya)<br \/>\nC : <a href=\"mailto:nemecastano@hotmail.com\">nemecastano@hotmail.com<\/a><\/p>\n<p><strong>Berrio-Etxe<\/strong><br \/>\n<strong>Hermanos\u00a0 Menesianos<\/strong><br \/>\nC\/Menendez y Pelayo 25<br \/>\n48006BILBAO (Vizcaya)<br \/>\nC : <a href=\"mailto:barbasrepublicano@hotmail.com\">barbasrepublicano@hotmail.com<\/a><\/p>\n<p><strong><span style=\"color: #3366ff;\">MADRID<\/span><br \/>\nHermanos\u00a0 Menesianos<br \/>\nColegio menesiano <\/strong><br \/>\nAvenida de Brasilia, 11<br \/>\n28028 MADRID<br \/>\nC :<a href=\"mailto:raulbr53@hotmail.com\"> raulbr53@hotmail.com<\/a><\/p>\n<p><strong>Madrid &#8211; Nuria<br \/>\n<\/strong><strong>Hermanos\u00a0 Menesianos<\/strong><br \/>\nNuria<br \/>\nSancho D\u00e1vila, 6 izda 5\u00b0<br \/>\n28028 MADRID<br \/>\nC : <a href=\"mailto:hfexme@yahoo.es\">hfexme@yahoo.es<\/a><\/p>\n<p><strong><span style=\"color: #3366ff;\">NANCLARES DE LA OCA<\/span><br \/>\nHermanos\u00a0 Menesianos<br \/>\nColegio San Jos\u00e9<\/strong><br \/>\nAvda Langraiz, 2<br \/>\n01230 NANCLARES DE LA OCA (\u00c1lava)<br \/>\nC : <a href=\"mailto:susillagil@hotmail.com\">susillagil@hotmail.com<\/a><\/p>\n<p><span style=\"color: #3366ff;\"><strong>PORTUGALETE<br \/>\n<\/strong><\/span>Comunidad de Santa Mar\u00eda<br \/>\n<strong>Colegio Santa Mar\u00eda Ikastetxea<\/strong><br \/>\nC\/ Alberto Palacio, 2<br \/>\n48920 PORTUGALETE (Vizcaya)<br \/>\nC : <a href=\"mailto:edesiogutierrez@hotmail.com\">edesiogutierrez@hotmail.com<\/a><\/p>\n<p><strong>Hermanos Menesianos<br \/>\n<\/strong><strong>Portu-Joven<br \/>\n<\/strong>C\/ Alberto Palacio 2<br \/>\n48920 PORTUGALETE (Viscaya)<br \/>\nC : <a href=\"mailto:josuolabarrieta@gmail.com\">josuolabarrieta@gmail.com<\/a><\/p>\n<p><strong><span style=\"color: #3366ff;\">REINOSA<\/span><br \/>\nHermanos\u00a0 Menesianos<br \/>\nColegio de San Jos\u00e9 Ni\u00f1o Jes\u00fas<\/strong><br \/>\nC\/ Pe\u00f1as Arriba, 19<br \/>\nB.P.20<br \/>\n39200 REINOSA (Cantabria)<br \/>\nC : <a href=\"mailto:duende1035@hotmail.com\">duende1035@hotmail.com<\/a><\/p>\n<p><span style=\"color: #3366ff;\"><strong>SANTO DOMINGO DE LA CALZADA<\/strong><\/span><br \/>\n<strong>Hermanos\u00a0 Menesianos<\/strong><br \/>\nCarretera de Ezcaray s\/n<br \/>\n26250 STO. DOMINGO DE LA CALZADA (La Rioja)<br \/>\nC : <a href=\"mailto:capecar@hotmail.com\">capecar@hotmail.com<\/a><\/p>\n<p><strong><span style=\"color: #3366ff;\">VALLADOLID<\/span><br \/>\nCentro Menesiano San Pedro Regalado<\/strong><br \/>\nAvenida de Santander, 14<br \/>\n47011 VALLADOLID (Valladolid)<br \/>\nW: <a href=\"http:\/\/www.menesianosvalladolid.com\/\">www.menesianosvalladolid.com<\/a><\/p>\n<p><strong><span style=\"color: #3366ff;\">ZAMORA<\/span><br \/>\nHermanos\u00a0 Menesianos<br \/>\nCentro Menesiano Zamora Joven <\/strong><br \/>\nEntrepuentes, 20 portal, 2 Bajo B<br \/>\n49028 ZAMORA<br \/>\nC : <a href=\"mailto:antoniourbin@hotmail.com\">antoniourbin@hotmail.com<\/a><\/p>\n<hr \/>\n<p><strong><img decoding=\"async\" class=\"alignright size-medium wp-image-1719\" src=\"http:\/\/www.lamennais.org\/wp-content\/uploads\/2016\/05\/Espagne-A-300x200.jpg\" alt=\"Espagne A\" width=\"300\" height=\"200\" srcset=\"https:\/\/www.lamennais.org\/wp-content\/uploads\/2016\/05\/Espagne-A-300x200.jpg 300w, https:\/\/www.lamennais.org\/wp-content\/uploads\/2016\/05\/Espagne-A-768x511.jpg 768w, https:\/\/www.lamennais.org\/wp-content\/uploads\/2016\/05\/Espagne-A-1024x682.jpg 1024w, https:\/\/www.lamennais.org\/wp-content\/uploads\/2016\/05\/Espagne-A-260x173.jpg 260w, https:\/\/www.lamennais.org\/wp-content\/uploads\/2016\/05\/Espagne-A-1200x800.jpg 1200w\" sizes=\"(max-width: 300px) 100vw, 300px\" \/><\/strong><\/p>\n<p><strong>Los or\u00edgenes.<\/strong><\/p>\n<p>En 1903, expulsados de sus colegios y con prohibici\u00f3n de ense\u00f1ar por decisi\u00f3n del gobierno franc\u00e9s y de su presidente \u00c9mile Combes, los Hermanos Menesianos optaron por mayor\u00eda exiliarse en Espa\u00f1a. Los primeros 4 Hermanos, se instalaron cerca de la frontera en una casa de Zugaramurdi, el 13 de junio de 1903. En octubre de ese mismo a\u00f1o, les siguieron otros 15. La rama espa\u00f1ola hab\u00eda comenzado.<\/p>\n<p>Los comienzos fueron dif\u00edciles, ya que los HH. carec\u00edan totalmente de recursos. Mikelen Borda, Dancharinea, Lujua y\u00a0 Ech\u00e9varri fueron los primeros lugares donde se implantaron. En 1914, el H.Ulysse Baron, provincial, compr\u00f3 la residencia-balneario de Nanclares de la Oca, deshabitada durante 14 a\u00f1os: los Menesianos dispondr\u00edan de ahora en adelante de una Casa-madre y de un centro de Formaci\u00f3n.<\/p>\n<p><strong>Hoy.<\/strong><br \/>\n<img decoding=\"async\" class=\"alignleft size-medium wp-image-1722\" src=\"http:\/\/www.lamennais.org\/wp-content\/uploads\/2016\/05\/Espagne-B-300x216.jpg\" alt=\"Espagne B\" width=\"300\" height=\"216\" srcset=\"https:\/\/www.lamennais.org\/wp-content\/uploads\/2016\/05\/Espagne-B-300x216.jpg 300w, https:\/\/www.lamennais.org\/wp-content\/uploads\/2016\/05\/Espagne-B-768x554.jpg 768w, https:\/\/www.lamennais.org\/wp-content\/uploads\/2016\/05\/Espagne-B-260x188.jpg 260w, https:\/\/www.lamennais.org\/wp-content\/uploads\/2016\/05\/Espagne-B.jpg 793w\" sizes=\"(max-width: 300px) 100vw, 300px\" \/><\/p>\n<p>A medida que la Provincia se fue desarrollando, Espa\u00f1a env\u00edo algunos Hermanos misioneros a Hait\u00ed, fund\u00f3 en Argentina y Uruguay y m\u00e1s tarde en Chile y en Bolivia.<\/p>\n<p>Hoy d\u00eda trabajan en\u00a0 9 centros que acogen a chicos desde el jard\u00edn de infancia hasta el Bachillerato: en Bilbao, Reinosa, Aguilar de Camp\u00f3o, Portugalete, Madrid, Sto. Domingo de la Calzada y Nanclares de la Oca. En Valladolid (1991) y en Zamora (1998) los HH. Menesianos abrieron dos centros Profesionales y T\u00e9cnicos que acogen a j\u00f3venes con dificultades acad\u00e9micas, sociales, familiares y de integraci\u00f3n.<\/p>\n<p>Las Comunidades de Chile y Bolivia nacieron de la Provincia espa\u00f1ola y ofrecen la oportunidad de vivir un compromiso misionero exigente. Algunos j\u00f3venes misioneros laicos se comprometen igualmente, durante algunas semanas o un a\u00f1o completo a colaborar en estas instituciones misioneras.<\/p>\n<p><strong>Familia Menesiana<br \/>\n<\/strong><\/p>\n<p>La Provincia y cada Centro Escolar dedican recursos importantes a la Formaci\u00f3n del Profesorado, de los padres y de los chicos, para que el Carisma Menesiano y los Principios Educativos de Juan M\u00aa de la Mennais los compartan y vivan, tanto entre los Hermanos como entre los Laicos.<\/p>\n","protected":false},"excerpt":{"rendered":"<p>Ciudades: Aguilar de Campoo &#8211; Bilbao &#8211; Madrid &#8211; Nanclares de la Oca &#8211; Portugalete &#8211; Reinosa &#8211; Santo Domingo De La Calzada \u2013 Valladolid &#8211; Zamora AGUILAR DE CAMPOO Hermanos\u00a0 Menesianos Colegio San Gregorio La Compassion P\u00ba. El Soto, 2 34800 AGUILAR DE CAMPOO (Palencia) C: ivoarenas@hotmail.com BILBAO Hermanos\u00a0 Menesianos Colegio Berrio-Otxoa C\/Men\u00e9ndez y [&hellip;]<\/p>\n","protected":false},"author":1,"featured_media":0,"parent":5742,"menu_order":0,"comment_status":"closed","ping_status":"closed","template":"","meta":{"footnotes":""},"class_list":["post-5746","page","type-page","status-publish","hentry"],"yoast_head":"<!-- This site is optimized with the Yoast SEO plugin v27.5 - https:\/\/yoast.com\/product\/yoast-seo-wordpress\/ -->\n<title>Espa\u00f1a - LaMennais.org<\/title>\n<meta name=\"robots\" content=\"index, follow, max-snippet:-1, max-image-preview:large, max-video-preview:-1\" \/>\n<link rel=\"canonical\" href=\"https:\/\/www.lamennais.org\/en-el-mundo\/europa\/espana\/?lang=es\" \/>\n<meta property=\"og:locale\" content=\"es_ES\" \/>\n<meta property=\"og:type\" content=\"article\" \/>\n<meta property=\"og:title\" content=\"Espa\u00f1a - LaMennais.org\" \/>\n<meta property=\"og:description\" content=\"Ciudades: Aguilar de Campoo &#8211; Bilbao &#8211; Madrid &#8211; Nanclares de la Oca &#8211; Portugalete &#8211; Reinosa &#8211; Santo Domingo De La Calzada \u2013 Valladolid &#8211; Zamora AGUILAR DE CAMPOO Hermanos\u00a0 Menesianos Colegio San Gregorio La Compassion P\u00ba. El Soto, 2 34800 AGUILAR DE CAMPOO (Palencia) C: ivoarenas@hotmail.com BILBAO Hermanos\u00a0 Menesianos Colegio Berrio-Otxoa C\/Men\u00e9ndez y [&hellip;]\" \/>\n<meta property=\"og:url\" content=\"https:\/\/www.lamennais.org\/en-el-mundo\/europa\/espana\/?lang=es\" \/>\n<meta property=\"og:site_name\" content=\"LaMennais.org\" \/>\n<meta property=\"article:modified_time\" content=\"2019-01-31T09:52:56+00:00\" \/>\n<meta property=\"og:image\" content=\"http:\/\/www.lamennais.org\/wp-content\/uploads\/2016\/05\/espagne_resize.jpg\" \/>\n<meta name=\"twitter:card\" content=\"summary_large_image\" \/>\n<meta name=\"twitter:label1\" content=\"Tiempo de lectura\" \/>\n\t<meta name=\"twitter:data1\" content=\"3 minutos\" \/>\n<script type=\"application\/ld+json\" class=\"yoast-schema-graph\">{\"@context\":\"https:\\\/\\\/schema.org\",\"@graph\":[{\"@type\":\"WebPage\",\"@id\":\"https:\\\/\\\/www.lamennais.org\\\/en-el-mundo\\\/europa\\\/espana\\\/?lang=es\",\"url\":\"https:\\\/\\\/www.lamennais.org\\\/en-el-mundo\\\/europa\\\/espana\\\/?lang=es\",\"name\":\"Espa\u00f1a - LaMennais.org\",\"isPartOf\":{\"@id\":\"https:\\\/\\\/www.lamennais.org\\\/#website\"},\"primaryImageOfPage\":{\"@id\":\"https:\\\/\\\/www.lamennais.org\\\/en-el-mundo\\\/europa\\\/espana\\\/?lang=es#primaryimage\"},\"image\":{\"@id\":\"https:\\\/\\\/www.lamennais.org\\\/en-el-mundo\\\/europa\\\/espana\\\/?lang=es#primaryimage\"},\"thumbnailUrl\":\"http:\\\/\\\/www.lamennais.org\\\/wp-content\\\/uploads\\\/2016\\\/05\\\/espagne_resize.jpg\",\"datePublished\":\"2016-05-01T16:54:33+00:00\",\"dateModified\":\"2019-01-31T09:52:56+00:00\",\"breadcrumb\":{\"@id\":\"https:\\\/\\\/www.lamennais.org\\\/en-el-mundo\\\/europa\\\/espana\\\/?lang=es#breadcrumb\"},\"inLanguage\":\"es\",\"potentialAction\":[{\"@type\":\"ReadAction\",\"target\":[\"https:\\\/\\\/www.lamennais.org\\\/en-el-mundo\\\/europa\\\/espana\\\/?lang=es\"]}]},{\"@type\":\"ImageObject\",\"inLanguage\":\"es\",\"@id\":\"https:\\\/\\\/www.lamennais.org\\\/en-el-mundo\\\/europa\\\/espana\\\/?lang=es#primaryimage\",\"url\":\"http:\\\/\\\/www.lamennais.org\\\/wp-content\\\/uploads\\\/2016\\\/05\\\/espagne_resize.jpg\",\"contentUrl\":\"http:\\\/\\\/www.lamennais.org\\\/wp-content\\\/uploads\\\/2016\\\/05\\\/espagne_resize.jpg\"},{\"@type\":\"BreadcrumbList\",\"@id\":\"https:\\\/\\\/www.lamennais.org\\\/en-el-mundo\\\/europa\\\/espana\\\/?lang=es#breadcrumb\",\"itemListElement\":[{\"@type\":\"ListItem\",\"position\":1,\"name\":\"Accueil\",\"item\":\"https:\\\/\\\/www.lamennais.org\\\/\"},{\"@type\":\"ListItem\",\"position\":2,\"name\":\"&#8230;en el mundo\",\"item\":\"https:\\\/\\\/www.lamennais.org\\\/en-el-mundo\\\/?lang=es\"},{\"@type\":\"ListItem\",\"position\":3,\"name\":\"Europa\",\"item\":\"https:\\\/\\\/www.lamennais.org\\\/en-el-mundo\\\/europa\\\/?lang=es\"},{\"@type\":\"ListItem\",\"position\":4,\"name\":\"Espa\u00f1a\"}]},{\"@type\":\"WebSite\",\"@id\":\"https:\\\/\\\/www.lamennais.org\\\/#website\",\"url\":\"https:\\\/\\\/www.lamennais.org\\\/\",\"name\":\"LaMennais.org\",\"description\":\"Fr\u00e8res de l&#039;Instruction Chr\u00e9tienne et Famille Mennaisienne\",\"potentialAction\":[{\"@type\":\"SearchAction\",\"target\":{\"@type\":\"EntryPoint\",\"urlTemplate\":\"https:\\\/\\\/www.lamennais.org\\\/?s={search_term_string}\"},\"query-input\":{\"@type\":\"PropertyValueSpecification\",\"valueRequired\":true,\"valueName\":\"search_term_string\"}}],\"inLanguage\":\"es\"}]}<\/script>\n<!-- \/ Yoast SEO plugin. -->","yoast_head_json":{"title":"Espa\u00f1a - LaMennais.org","robots":{"index":"index","follow":"follow","max-snippet":"max-snippet:-1","max-image-preview":"max-image-preview:large","max-video-preview":"max-video-preview:-1"},"canonical":"https:\/\/www.lamennais.org\/en-el-mundo\/europa\/espana\/?lang=es","og_locale":"es_ES","og_type":"article","og_title":"Espa\u00f1a - LaMennais.org","og_description":"Ciudades: Aguilar de Campoo &#8211; Bilbao &#8211; Madrid &#8211; Nanclares de la Oca &#8211; Portugalete &#8211; Reinosa &#8211; Santo Domingo De La Calzada \u2013 Valladolid &#8211; Zamora AGUILAR DE CAMPOO Hermanos\u00a0 Menesianos Colegio San Gregorio La Compassion P\u00ba. El Soto, 2 34800 AGUILAR DE CAMPOO (Palencia) C: ivoarenas@hotmail.com BILBAO Hermanos\u00a0 Menesianos Colegio Berrio-Otxoa C\/Men\u00e9ndez y [&hellip;]","og_url":"https:\/\/www.lamennais.org\/en-el-mundo\/europa\/espana\/?lang=es","og_site_name":"LaMennais.org","article_modified_time":"2019-01-31T09:52:56+00:00","og_image":[{"url":"http:\/\/www.lamennais.org\/wp-content\/uploads\/2016\/05\/espagne_resize.jpg","type":"","width":"","height":""}],"twitter_card":"summary_large_image","twitter_misc":{"Tiempo de lectura":"3 minutos"},"schema":{"@context":"https:\/\/schema.org","@graph":[{"@type":"WebPage","@id":"https:\/\/www.lamennais.org\/en-el-mundo\/europa\/espana\/?lang=es","url":"https:\/\/www.lamennais.org\/en-el-mundo\/europa\/espana\/?lang=es","name":"Espa\u00f1a - LaMennais.org","isPartOf":{"@id":"https:\/\/www.lamennais.org\/#website"},"primaryImageOfPage":{"@id":"https:\/\/www.lamennais.org\/en-el-mundo\/europa\/espana\/?lang=es#primaryimage"},"image":{"@id":"https:\/\/www.lamennais.org\/en-el-mundo\/europa\/espana\/?lang=es#primaryimage"},"thumbnailUrl":"http:\/\/www.lamennais.org\/wp-content\/uploads\/2016\/05\/espagne_resize.jpg","datePublished":"2016-05-01T16:54:33+00:00","dateModified":"2019-01-31T09:52:56+00:00","breadcrumb":{"@id":"https:\/\/www.lamennais.org\/en-el-mundo\/europa\/espana\/?lang=es#breadcrumb"},"inLanguage":"es","potentialAction":[{"@type":"ReadAction","target":["https:\/\/www.lamennais.org\/en-el-mundo\/europa\/espana\/?lang=es"]}]},{"@type":"ImageObject","inLanguage":"es","@id":"https:\/\/www.lamennais.org\/en-el-mundo\/europa\/espana\/?lang=es#primaryimage","url":"http:\/\/www.lamennais.org\/wp-content\/uploads\/2016\/05\/espagne_resize.jpg","contentUrl":"http:\/\/www.lamennais.org\/wp-content\/uploads\/2016\/05\/espagne_resize.jpg"},{"@type":"BreadcrumbList","@id":"https:\/\/www.lamennais.org\/en-el-mundo\/europa\/espana\/?lang=es#breadcrumb","itemListElement":[{"@type":"ListItem","position":1,"name":"Accueil","item":"https:\/\/www.lamennais.org\/"},{"@type":"ListItem","position":2,"name":"&#8230;en el mundo","item":"https:\/\/www.lamennais.org\/en-el-mundo\/?lang=es"},{"@type":"ListItem","position":3,"name":"Europa","item":"https:\/\/www.lamennais.org\/en-el-mundo\/europa\/?lang=es"},{"@type":"ListItem","position":4,"name":"Espa\u00f1a"}]},{"@type":"WebSite","@id":"https:\/\/www.lamennais.org\/#website","url":"https:\/\/www.lamennais.org\/","name":"LaMennais.org","description":"Fr\u00e8res de l&#039;Instruction Chr\u00e9tienne et Famille Mennaisienne","potentialAction":[{"@type":"SearchAction","target":{"@type":"EntryPoint","urlTemplate":"https:\/\/www.lamennais.org\/?s={search_term_string}"},"query-input":{"@type":"PropertyValueSpecification","valueRequired":true,"valueName":"search_term_string"}}],"inLanguage":"es"}]}},"_links":{"self":[{"href":"https:\/\/www.lamennais.org\/es\/wp-json\/wp\/v2\/pages\/5746","targetHints":{"allow":["GET"]}}],"collection":[{"href":"https:\/\/www.lamennais.org\/es\/wp-json\/wp\/v2\/pages"}],"about":[{"href":"https:\/\/www.lamennais.org\/es\/wp-json\/wp\/v2\/types\/page"}],"author":[{"embeddable":true,"href":"https:\/\/www.lamennais.org\/es\/wp-json\/wp\/v2\/users\/1"}],"replies":[{"embeddable":true,"href":"https:\/\/www.lamennais.org\/es\/wp-json\/wp\/v2\/comments?post=5746"}],"version-history":[{"count":3,"href":"https:\/\/www.lamennais.org\/es\/wp-json\/wp\/v2\/pages\/5746\/revisions"}],"predecessor-version":[{"id":19365,"href":"https:\/\/www.lamennais.org\/es\/wp-json\/wp\/v2\/pages\/5746\/revisions\/19365"}],"up":[{"embeddable":true,"href":"https:\/\/www.lamennais.org\/es\/wp-json\/wp\/v2\/pages\/5742"}],"wp:attachment":[{"href":"https:\/\/www.lamennais.org\/es\/wp-json\/wp\/v2\/media?parent=5746"}],"curies":[{"name":"wp","href":"https:\/\/api.w.org\/{rel}","templated":true}]}}