{"version":"1.0","provider_name":"LaMennais.org","provider_url":"https:\/\/www.lamennais.org\/es\/","title":"Uganda \u2013 Nabinoonya : session du Conseil g\u00e9n\u00e9ral - LaMennais.org","type":"rich","width":600,"height":338,"html":"<blockquote class=\"wp-embedded-content\" data-secret=\"pXOiU4h5Uy\"><a href=\"https:\/\/www.lamennais.org\/es\/uganda-nabinoonya-session-du-conseil-general\/\">Uganda \u2013 Nabinoonya : session du Conseil g\u00e9n\u00e9ral<\/a><\/blockquote><iframe sandbox=\"allow-scripts\" security=\"restricted\" src=\"https:\/\/www.lamennais.org\/es\/uganda-nabinoonya-session-du-conseil-general\/embed\/#?secret=pXOiU4h5Uy\" width=\"600\" height=\"338\" title=\"\u00abUganda \u2013 Nabinoonya : session du Conseil g\u00e9n\u00e9ral\u00bb \u2014 LaMennais.org\" data-secret=\"pXOiU4h5Uy\" frameborder=\"0\" marginwidth=\"0\" marginheight=\"0\" scrolling=\"no\" class=\"wp-embedded-content\"><\/iframe><script>\n\/*! This file is auto-generated *\/\n!function(d,l){\"use strict\";l.querySelector&&d.addEventListener&&\"undefined\"!=typeof URL&&(d.wp=d.wp||{},d.wp.receiveEmbedMessage||(d.wp.receiveEmbedMessage=function(e){var t=e.data;if((t||t.secret||t.message||t.value)&&!\/[^a-zA-Z0-9]\/.test(t.secret)){for(var s,r,n,a=l.querySelectorAll('iframe[data-secret=\"'+t.secret+'\"]'),o=l.querySelectorAll('blockquote[data-secret=\"'+t.secret+'\"]'),c=new RegExp(\"^https?:$\",\"i\"),i=0;i<o.length;i++)o[i].style.display=\"none\";for(i=0;i<a.length;i++)s=a[i],e.source===s.contentWindow&&(s.removeAttribute(\"style\"),\"height\"===t.message?(1e3<(r=parseInt(t.value,10))?r=1e3:~~r<200&&(r=200),s.height=r):\"link\"===t.message&&(r=new URL(s.getAttribute(\"src\")),n=new URL(t.value),c.test(n.protocol))&&n.host===r.host&&l.activeElement===s&&(d.top.location.href=t.value))}},d.addEventListener(\"message\",d.wp.receiveEmbedMessage,!1),l.addEventListener(\"DOMContentLoaded\",function(){for(var e,t,s=l.querySelectorAll(\"iframe.wp-embedded-content\"),r=0;r<s.length;r++)(t=(e=s[r]).getAttribute(\"data-secret\"))||(t=Math.random().toString(36).substring(2,12),e.src+=\"#?secret=\"+t,e.setAttribute(\"data-secret\",t)),e.contentWindow.postMessage({message:\"ready\",secret:t},\"*\")},!1)))}(window,document);\n\/\/# sourceURL=https:\/\/www.lamennais.org\/wp-includes\/js\/wp-embed.min.js\n<\/script>\n","thumbnail_url":"https:\/\/www.lamennais.org\/wp-content\/uploads\/2026\/09\/WhatsApp-Image-2026-09-02-at-15.26.08-1.jpeg","thumbnail_width":2016,"thumbnail_height":1134,"description":"Tous les Fr\u00e8res du Conseil g\u00e9n\u00e9ral se sont retrouv\u00e9s \u00e0 Nabinoonya d\u00e8s le 29 ao\u00fbt, pour commencer la session ordinaire du Conseil g\u00e9n\u00e9ral\u00a0 le lundi 31 ao\u00fbt. Ce Conseil g\u00e9n\u00e9ral se d\u00e9roulera en 2 p\u00e9riodes : du 2 au 4 septembre en Ouganda puis elle se poursuivra \u00e0 Rome du 14 au 30 septembre. Entre [&hellip;]"}