{"version":"1.0","provider_name":"LaMennais.org","provider_url":"https:\/\/www.lamennais.org\/es\/","title":"MIRA EL CAP\u00cdTULO. \u00a1La inauguraci\u00f3n es ma\u00f1ana martes! - LaMennais.org","type":"rich","width":600,"height":338,"html":"<blockquote class=\"wp-embedded-content\" data-secret=\"NQSj9VESCe\"><a href=\"https:\/\/www.lamennais.org\/es\/mira-el-capitulo-la-inauguracion-es-manana-martes\/\">MIRA EL CAP\u00cdTULO. \u00a1La inauguraci\u00f3n es ma\u00f1ana martes!<\/a><\/blockquote><iframe sandbox=\"allow-scripts\" security=\"restricted\" src=\"https:\/\/www.lamennais.org\/es\/mira-el-capitulo-la-inauguracion-es-manana-martes\/embed\/#?secret=NQSj9VESCe\" width=\"600\" height=\"338\" title=\"\u00abMIRA EL CAP\u00cdTULO. \u00a1La inauguraci\u00f3n es ma\u00f1ana martes!\u00bb \u2014 LaMennais.org\" data-secret=\"NQSj9VESCe\" frameborder=\"0\" marginwidth=\"0\" marginheight=\"0\" scrolling=\"no\" class=\"wp-embedded-content\"><\/iframe><script type=\"text\/javascript\">\n\/* <![CDATA[ *\/\n\/*! This file is auto-generated *\/\n!function(d,l){\"use strict\";l.querySelector&&d.addEventListener&&\"undefined\"!=typeof URL&&(d.wp=d.wp||{},d.wp.receiveEmbedMessage||(d.wp.receiveEmbedMessage=function(e){var t=e.data;if((t||t.secret||t.message||t.value)&&!\/[^a-zA-Z0-9]\/.test(t.secret)){for(var s,r,n,a=l.querySelectorAll('iframe[data-secret=\"'+t.secret+'\"]'),o=l.querySelectorAll('blockquote[data-secret=\"'+t.secret+'\"]'),c=new RegExp(\"^https?:$\",\"i\"),i=0;i<o.length;i++)o[i].style.display=\"none\";for(i=0;i<a.length;i++)s=a[i],e.source===s.contentWindow&&(s.removeAttribute(\"style\"),\"height\"===t.message?(1e3<(r=parseInt(t.value,10))?r=1e3:~~r<200&&(r=200),s.height=r):\"link\"===t.message&&(r=new URL(s.getAttribute(\"src\")),n=new URL(t.value),c.test(n.protocol))&&n.host===r.host&&l.activeElement===s&&(d.top.location.href=t.value))}},d.addEventListener(\"message\",d.wp.receiveEmbedMessage,!1),l.addEventListener(\"DOMContentLoaded\",function(){for(var e,t,s=l.querySelectorAll(\"iframe.wp-embedded-content\"),r=0;r<s.length;r++)(t=(e=s[r]).getAttribute(\"data-secret\"))||(t=Math.random().toString(36).substring(2,12),e.src+=\"#?secret=\"+t,e.setAttribute(\"data-secret\",t)),e.contentWindow.postMessage({message:\"ready\",secret:t},\"*\")},!1)))}(window,document);\n\/\/# sourceURL=https:\/\/www.lamennais.org\/wp-includes\/js\/wp-embed.min.js\n\/* ]]> *\/\n<\/script>\n","thumbnail_url":"https:\/\/www.lamennais.org\/wp-content\/uploads\/2024\/03\/P1380867-scaled-e1711386265454.jpg","thumbnail_width":2560,"thumbnail_height":1683,"description":"Nous y sommes\u00a0! \u00ab\u00a0Le grand jour du d\u00e9part approche, les multiples t\u00e2ches de pr\u00e9paratifs font la file, les planifications pour les suivis se succ\u00e8dent, les rencontres pour mettre \u00e0 jour les dossiers importants se multiplient, etc. etc. Tout \u00e7a avant le chapitre !\u00a0\u00bb Voici le message re\u00e7u par C\u00e9line G\u00e9linas, associ\u00e9e la\u00efque, membre de la [&hellip;]"}