{"version":"1.0","provider_name":"LaMennais.org","provider_url":"https:\/\/www.lamennais.org\/es\/","title":"HAIT\u00cd: Apertura del Cap\u00edtulo Provincial - LaMennais.org","type":"rich","width":600,"height":338,"html":"<blockquote class=\"wp-embedded-content\" data-secret=\"oEe7Z3EKOK\"><a href=\"https:\/\/www.lamennais.org\/es\/haiti-apertura-del-capitulo-provincial\/\">HAIT\u00cd: Apertura del Cap\u00edtulo Provincial<\/a><\/blockquote><iframe sandbox=\"allow-scripts\" security=\"restricted\" src=\"https:\/\/www.lamennais.org\/es\/haiti-apertura-del-capitulo-provincial\/embed\/#?secret=oEe7Z3EKOK\" width=\"600\" height=\"338\" title=\"\u00abHAIT\u00cd: Apertura del Cap\u00edtulo Provincial\u00bb \u2014 LaMennais.org\" data-secret=\"oEe7Z3EKOK\" frameborder=\"0\" marginwidth=\"0\" marginheight=\"0\" scrolling=\"no\" class=\"wp-embedded-content\"><\/iframe><script type=\"text\/javascript\">\n\/* <![CDATA[ *\/\n\/*! This file is auto-generated *\/\n!function(d,l){\"use strict\";l.querySelector&&d.addEventListener&&\"undefined\"!=typeof URL&&(d.wp=d.wp||{},d.wp.receiveEmbedMessage||(d.wp.receiveEmbedMessage=function(e){var t=e.data;if((t||t.secret||t.message||t.value)&&!\/[^a-zA-Z0-9]\/.test(t.secret)){for(var s,r,n,a=l.querySelectorAll('iframe[data-secret=\"'+t.secret+'\"]'),o=l.querySelectorAll('blockquote[data-secret=\"'+t.secret+'\"]'),c=new RegExp(\"^https?:$\",\"i\"),i=0;i<o.length;i++)o[i].style.display=\"none\";for(i=0;i<a.length;i++)s=a[i],e.source===s.contentWindow&&(s.removeAttribute(\"style\"),\"height\"===t.message?(1e3<(r=parseInt(t.value,10))?r=1e3:~~r<200&&(r=200),s.height=r):\"link\"===t.message&&(r=new URL(s.getAttribute(\"src\")),n=new URL(t.value),c.test(n.protocol))&&n.host===r.host&&l.activeElement===s&&(d.top.location.href=t.value))}},d.addEventListener(\"message\",d.wp.receiveEmbedMessage,!1),l.addEventListener(\"DOMContentLoaded\",function(){for(var e,t,s=l.querySelectorAll(\"iframe.wp-embedded-content\"),r=0;r<s.length;r++)(t=(e=s[r]).getAttribute(\"data-secret\"))||(t=Math.random().toString(36).substring(2,12),e.src+=\"#?secret=\"+t,e.setAttribute(\"data-secret\",t)),e.contentWindow.postMessage({message:\"ready\",secret:t},\"*\")},!1)))}(window,document);\n\/\/# sourceURL=https:\/\/www.lamennais.org\/wp-includes\/js\/wp-embed.min.js\n\/* ]]> *\/\n<\/script>\n","thumbnail_url":"https:\/\/www.lamennais.org\/wp-content\/uploads\/2025\/12\/slide-2.jpg","thumbnail_width":1020,"thumbnail_height":508,"description":"El Cap\u00edtulo de la Provincia de San Luis de Gonzaga comenz\u00f3 el 26 de diciembre de 2025. El Padre Morachel Bonhomme, Provincial de los Salesianos en Hait\u00ed, dirigi\u00f3 el retiro matutino inaugural. Desarroll\u00f3 el tema \u00abLLAMADOS A SER SIERVOS DE LA ESPERANZA\u00bb, enfatizando especialmente el v\u00ednculo entre la esperanza y el compromiso, invit\u00e1ndonos a&#8230;integrar la [&hellip;]"}