{"version":"1.0","provider_name":"LaMennais.org","provider_url":"https:\/\/www.lamennais.org\/es\/","title":"D\u00cdAS SANTOS. 3 d\u00edas para cambiar el mundo - LaMennais.org","type":"rich","width":600,"height":338,"html":"<blockquote class=\"wp-embedded-content\" data-secret=\"wxjSAmo5kH\"><a href=\"https:\/\/www.lamennais.org\/es\/dias-santos-3-dias-para-cambiar-el-mundo\/\">D\u00cdAS SANTOS. 3 d\u00edas para cambiar el mundo<\/a><\/blockquote><iframe sandbox=\"allow-scripts\" security=\"restricted\" src=\"https:\/\/www.lamennais.org\/es\/dias-santos-3-dias-para-cambiar-el-mundo\/embed\/#?secret=wxjSAmo5kH\" width=\"600\" height=\"338\" title=\"\u00abD\u00cdAS SANTOS. 3 d\u00edas para cambiar el mundo\u00bb \u2014 LaMennais.org\" data-secret=\"wxjSAmo5kH\" frameborder=\"0\" marginwidth=\"0\" marginheight=\"0\" scrolling=\"no\" class=\"wp-embedded-content\"><\/iframe><script type=\"text\/javascript\">\n\/* <![CDATA[ *\/\n\/*! This file is auto-generated *\/\n!function(d,l){\"use strict\";l.querySelector&&d.addEventListener&&\"undefined\"!=typeof URL&&(d.wp=d.wp||{},d.wp.receiveEmbedMessage||(d.wp.receiveEmbedMessage=function(e){var t=e.data;if((t||t.secret||t.message||t.value)&&!\/[^a-zA-Z0-9]\/.test(t.secret)){for(var s,r,n,a=l.querySelectorAll('iframe[data-secret=\"'+t.secret+'\"]'),o=l.querySelectorAll('blockquote[data-secret=\"'+t.secret+'\"]'),c=new RegExp(\"^https?:$\",\"i\"),i=0;i<o.length;i++)o[i].style.display=\"none\";for(i=0;i<a.length;i++)s=a[i],e.source===s.contentWindow&&(s.removeAttribute(\"style\"),\"height\"===t.message?(1e3<(r=parseInt(t.value,10))?r=1e3:~~r<200&&(r=200),s.height=r):\"link\"===t.message&&(r=new URL(s.getAttribute(\"src\")),n=new URL(t.value),c.test(n.protocol))&&n.host===r.host&&l.activeElement===s&&(d.top.location.href=t.value))}},d.addEventListener(\"message\",d.wp.receiveEmbedMessage,!1),l.addEventListener(\"DOMContentLoaded\",function(){for(var e,t,s=l.querySelectorAll(\"iframe.wp-embedded-content\"),r=0;r<s.length;r++)(t=(e=s[r]).getAttribute(\"data-secret\"))||(t=Math.random().toString(36).substring(2,12),e.src+=\"#?secret=\"+t,e.setAttribute(\"data-secret\",t)),e.contentWindow.postMessage({message:\"ready\",secret:t},\"*\")},!1)))}(window,document);\n\/\/# sourceURL=https:\/\/www.lamennais.org\/wp-includes\/js\/wp-embed.min.js\n\/* ]]> *\/\n<\/script>\n","thumbnail_url":"https:\/\/www.lamennais.org\/wp-content\/uploads\/2021\/03\/P7040060-scaled-e1617174654198.jpg","thumbnail_width":2457,"thumbnail_height":694,"description":"Vidrieras de la capilla del Juniorado Notre Dame, Chateaulin. Vidrieras de Maurice Rocher. \u00abEstas jornadas del Triduo pascual, del Jueves Santo al S\u00e1bado, constituyen la memoria de un \u00fanico gran misterio: La muerte y resurrecci\u00f3n del Se\u00f1or Jes\u00fas\u00bb, subraya el Papa Francisco. \u00abEl Triduo pascual marca las etapas fundamentales de nuestra fe y de nuestra [&hellip;]"}